{"version":"1.0","provider_name":"Centro de Documentaci\u00f3n y Estudios del Pontificado de Juan Pablo II en Roma","provider_url":"https:\/\/jp2doc.pl\/es","author_name":"Anna Rudzicka","author_url":"https:\/\/jp2doc.pl\/es\/author\/ania\/","title":"Lud\u017amierz 2012 - Centro de Documentaci\u00f3n y Estudios del Pontificado de Juan Pablo II en Roma","type":"rich","width":600,"height":338,"html":"<blockquote class=\"wp-embedded-content\" data-secret=\"LTZ2lHXZoY\"><a href=\"https:\/\/jp2doc.pl\/es\/sympozja\/ludzmierz-2012\/\">Lud\u017amierz 2012<\/a><\/blockquote><iframe sandbox=\"allow-scripts\" security=\"restricted\" src=\"https:\/\/jp2doc.pl\/es\/sympozja\/ludzmierz-2012\/embed\/#?secret=LTZ2lHXZoY\" width=\"600\" height=\"338\" title=\"\u00abLud\u017amierz 2012\u00bb \u2014 Centro de Documentaci\u00f3n y Estudios del Pontificado de Juan Pablo II en Roma\" data-secret=\"LTZ2lHXZoY\" frameborder=\"0\" marginwidth=\"0\" marginheight=\"0\" scrolling=\"no\" class=\"wp-embedded-content\"><\/iframe><script type=\"text\/javascript\">\n\/* <![CDATA[ *\/\n\/*! This file is auto-generated *\/\n!function(d,l){\"use strict\";l.querySelector&&d.addEventListener&&\"undefined\"!=typeof URL&&(d.wp=d.wp||{},d.wp.receiveEmbedMessage||(d.wp.receiveEmbedMessage=function(e){var t=e.data;if((t||t.secret||t.message||t.value)&&!\/[^a-zA-Z0-9]\/.test(t.secret)){for(var s,r,n,a=l.querySelectorAll('iframe[data-secret=\"'+t.secret+'\"]'),o=l.querySelectorAll('blockquote[data-secret=\"'+t.secret+'\"]'),c=new RegExp(\"^https?:$\",\"i\"),i=0;i<o.length;i++)o[i].style.display=\"none\";for(i=0;i<a.length;i++)s=a[i],e.source===s.contentWindow&&(s.removeAttribute(\"style\"),\"height\"===t.message?(1e3<(r=parseInt(t.value,10))?r=1e3:~~r<200&&(r=200),s.height=r):\"link\"===t.message&&(r=new URL(s.getAttribute(\"src\")),n=new URL(t.value),c.test(n.protocol))&&n.host===r.host&&l.activeElement===s&&(d.top.location.href=t.value))}},d.addEventListener(\"message\",d.wp.receiveEmbedMessage,!1),l.addEventListener(\"DOMContentLoaded\",function(){for(var e,t,s=l.querySelectorAll(\"iframe.wp-embedded-content\"),r=0;r<s.length;r++)(t=(e=s[r]).getAttribute(\"data-secret\"))||(t=Math.random().toString(36).substring(2,12),e.src+=\"#?secret=\"+t,e.setAttribute(\"data-secret\",t)),e.contentWindow.postMessage({message:\"ready\",secret:t},\"*\")},!1)))}(window,document);\n\/* ]]> *\/\n<\/script>\n","description":"Mar\u00eda en la fe de la Iglesia Los d\u00edas 23 y 24 de octubre de 2012, en Lud\u017amierz y Nowy Targ, se celebr\u00f3 un simposio acad\u00e9mico con ocasi\u00f3n del inminente 50 aniversario de la coronaci\u00f3n de la figura de la Virgen de Lud\u017amierz (15 de agosto 1963). El evento bajo lema, \u201cMar\u00eda en la fe [&hellip;]","thumbnail_url":"http:\/\/jp2doc.pl\/wp-content\/uploads\/2017\/03\/50adfe80c571aundefined.jpg"}