{"version":"1.0","provider_name":"Centre de Documentation et d\u2019Etude du Pontificat de Jean-Paul II \u00e0 Rome","provider_url":"https:\/\/jp2doc.pl\/fr","author_name":"Anna Rudzicka","author_url":"https:\/\/jp2doc.pl\/fr\/author\/ania\/","title":"C\u00e9ramique du po\u00eale d\u2019une cellule d\u2019un monast\u00e8re orthodoxe - Centre de Documentation et d\u2019Etude du Pontificat de Jean-Paul II \u00e0 Rome","type":"rich","width":600,"height":338,"html":"<blockquote class=\"wp-embedded-content\" data-secret=\"iue7Z3aB3i\"><a href=\"https:\/\/jp2doc.pl\/fr\/2017\/03\/27\/kafel-z-pieca-celi-zakonnej-monastyru-prawoslawnego\/\">C\u00e9ramique du po\u00eale d\u2019une cellule d\u2019un monast\u00e8re orthodoxe<\/a><\/blockquote><iframe sandbox=\"allow-scripts\" security=\"restricted\" src=\"https:\/\/jp2doc.pl\/fr\/2017\/03\/27\/kafel-z-pieca-celi-zakonnej-monastyru-prawoslawnego\/embed\/#?secret=iue7Z3aB3i\" width=\"600\" height=\"338\" title=\"\u00ab\u00a0C\u00e9ramique du po\u00eale d\u2019une cellule d\u2019un monast\u00e8re orthodoxe\u00a0\u00bb &#8212; Centre de Documentation et d\u2019Etude du Pontificat de Jean-Paul II \u00e0 Rome\" data-secret=\"iue7Z3aB3i\" frameborder=\"0\" marginwidth=\"0\" marginheight=\"0\" scrolling=\"no\" class=\"wp-embedded-content\"><\/iframe><script type=\"text\/javascript\">\n\/* <![CDATA[ *\/\n\/*! This file is auto-generated *\/\n!function(d,l){\"use strict\";l.querySelector&&d.addEventListener&&\"undefined\"!=typeof URL&&(d.wp=d.wp||{},d.wp.receiveEmbedMessage||(d.wp.receiveEmbedMessage=function(e){var t=e.data;if((t||t.secret||t.message||t.value)&&!\/[^a-zA-Z0-9]\/.test(t.secret)){for(var s,r,n,a=l.querySelectorAll('iframe[data-secret=\"'+t.secret+'\"]'),o=l.querySelectorAll('blockquote[data-secret=\"'+t.secret+'\"]'),c=new RegExp(\"^https?:$\",\"i\"),i=0;i<o.length;i++)o[i].style.display=\"none\";for(i=0;i<a.length;i++)s=a[i],e.source===s.contentWindow&&(s.removeAttribute(\"style\"),\"height\"===t.message?(1e3<(r=parseInt(t.value,10))?r=1e3:~~r<200&&(r=200),s.height=r):\"link\"===t.message&&(r=new URL(s.getAttribute(\"src\")),n=new URL(t.value),c.test(n.protocol))&&n.host===r.host&&l.activeElement===s&&(d.top.location.href=t.value))}},d.addEventListener(\"message\",d.wp.receiveEmbedMessage,!1),l.addEventListener(\"DOMContentLoaded\",function(){for(var e,t,s=l.querySelectorAll(\"iframe.wp-embedded-content\"),r=0;r<s.length;r++)(t=(e=s[r]).getAttribute(\"data-secret\"))||(t=Math.random().toString(36).substring(2,12),e.src+=\"#?secret=\"+t,e.setAttribute(\"data-secret\",t)),e.contentWindow.postMessage({message:\"ready\",secret:t},\"*\")},!1)))}(window,document);\n\/* ]]> *\/\n<\/script>\n","thumbnail_url":"https:\/\/jp2doc.pl\/fr\/wp-content\/uploads\/sites\/5\/2017\/03\/Zbiory18-e1490623004198.jpg","thumbnail_width":1000,"thumbnail_height":1000,"description":"lieu de d\u00e9tention des officiers polonais par le NKWD, d\u2019o\u00f9 ils \u00e9taient transport\u00e9s \u00e0 Katy\u0144. Un d\u2019eux, Stanis\u0142aw Janicki avait d\u00e9col\u00e9 une c\u00e9ramique avec une image de la Vierge peinte dessus. Il est convaincu que c\u2019est gr\u00e2ce \u00e0 la protection de Marie qu\u2019il a pu survivre de fa\u00e7on miraculeuse. Avec cette c\u00e9ramique dans son sac [&hellip;]"}